{"id":269,"date":"2015-10-11T16:41:54","date_gmt":"2015-10-11T15:41:54","guid":{"rendered":"http:\/\/carlamarques.gallery\/?page_id=269"},"modified":"2017-11-23T18:15:32","modified_gmt":"2017-11-23T18:15:32","slug":"resumo-biografico","status":"publish","type":"page","link":"https:\/\/carlamarques.gallery\/?page_id=269","title":{"rendered":"Resumo biogr\u00e1fico &#8211; Biographic summary"},"content":{"rendered":"<p><a href=\"http:\/\/carlamarques.gallery\/wp-content\/uploads\/2014\/07\/CarlaMarques_perfil.jpg\"><img loading=\"lazy\" class=\"wp-image-263 alignleft\" src=\"http:\/\/carlamarques.gallery\/wp-content\/uploads\/2014\/07\/CarlaMarques_perfil.jpg\" alt=\"CarlaMarques_perfil\" width=\"158\" height=\"211\" srcset=\"https:\/\/carlamarques.gallery\/wp-content\/uploads\/2014\/07\/CarlaMarques_perfil.jpg 720w, https:\/\/carlamarques.gallery\/wp-content\/uploads\/2014\/07\/CarlaMarques_perfil-225x300.jpg 225w\" sizes=\"(max-width: 158px) 100vw, 158px\" \/><\/a><\/p>\n<p style=\"text-align: justify;\">Nasceu em Coimbra em 1976 e desde muito nova que sente a paix\u00e3o pelo desenho e pela Natureza.<\/p>\n<p style=\"text-align: justify;\">Apesar dos elogios aos seus talentos art\u00edsticos, durante o ensino secund\u00e1rio acabou por seguir Ci\u00eancias Naturais.<\/p>\n<p style=\"text-align: justify;\">Em 1995 entrou em Engenharia do Ambiente e pouco tempo depois em 1997, mudou para Biologia.<\/p>\n<p style=\"text-align: justify;\">Durante a licenciatura em Biologia \u2013 Recursos Animais Terrestres pela Faculdade de Ci\u00eancias da Univ. de Lisboa, renasceu o \u201cbichinho\u201d do desenho, enquanto ilustrava a anatomia dos animais nas aulas pr\u00e1ticas ou fazia sa\u00eddas de campo.<\/p>\n<p style=\"text-align: justify;\">A partir de 2003, ap\u00f3s terminar o curso, foi bolseira em v\u00e1rios projetos de investiga\u00e7\u00e3o cient\u00edfica e simultaneamente decidiu apostar tamb\u00e9m na aprendizagem de ilustra\u00e7\u00e3o cient\u00edfica sob a forma\u00e7\u00e3o do Prof. Pedro Salgado, a maior refer\u00eancia em Portugal nesta \u00e1rea.<\/p>\n<p style=\"text-align: justify;\">Depois da forma\u00e7\u00e3o art\u00edstica e de dedicada aprendizagem autodid\u00e1tica, surgiram v\u00e1rias oportunidades, entre as quais o convite em 2007 para produzir o seu primeiro grande trabalho de ilustra\u00e7\u00e3o cient\u00edfica no livro \u201cUm Olhar sobre os Carn\u00edvoros Portugueses\u201d, editado pela associa\u00e7\u00e3o CARNIVORA, enquanto tirava o Mestrado em Biologia da Conserva\u00e7\u00e3o na Univ. de \u00c9vora.<\/p>\n<p style=\"text-align: justify;\">Desde 2011 que deixou de exercer a sua atividade como bi\u00f3loga, tendo enveredado por outros projetos de interesse pessoal, contudo este desvio permitiu-lhe continuar a desenvolver e a aperfei\u00e7oar os seus dotes art\u00edsticos.<\/p>\n<p style=\"text-align: justify;\">Continua atualmente dispon\u00edvel para trabalhar com entidades que pretendam promover a divulga\u00e7\u00e3o cient\u00edfica, a educa\u00e7\u00e3o ambiental e tamb\u00e9m noutras \u00e1reas.<\/p>\n<p>Se deseja comprar algum trabalho da autora, por favor, os contactos encontram-se dispon\u00edveis no rodap\u00e9 do site.<\/p>\n\n\n<div class=\"ngg-galleryoverview ngg-slideshow\"\n\t id=\"ngg-slideshow-ffb07ac45537e7c6e1549895868de175-5359164270\"\n     data-gallery-id=\"ffb07ac45537e7c6e1549895868de175\"\n     style=\"max-width: 600px; max-height: 400px;\">\n\n \t<div id=\"ngg-image-0\" class=\"ngg-gallery-slideshow-image\" style=\"height:400px\">\n\n        <a href=\"https:\/\/carlamarques.gallery\/wp-content\/gallery\/biografia\/Inaugura%C3%A7%C3%A3o_expo_desenho_natureza_cientifico02.jpg\"\n           title=\"\"\n           data-src=\"https:\/\/carlamarques.gallery\/wp-content\/gallery\/biografia\/Inaugura%C3%A7%C3%A3o_expo_desenho_natureza_cientifico02.jpg\"\n           data-thumbnail=\"https:\/\/carlamarques.gallery\/wp-content\/gallery\/biografia\/thumbs\/thumbs_Inaugura%C3%A7%C3%A3o_expo_desenho_natureza_cientifico02.jpg\"\n           data-image-id=\"100\"\n           data-title=\"Inaugura\u00e7\u00e3o_expo_desenho_natureza_cientifico02\"\n           data-description=\"\"\n           class=\"ngg-fancybox\" rel=\"ffb07ac45537e7c6e1549895868de175\">\n\n            <img data-image-id='100'\n                 title=\"\"\n                 alt=\"Inaugura\u00e7\u00e3o_expo_desenho_natureza_cientifico02\"\n                 src=\"https:\/\/carlamarques.gallery\/wp-content\/gallery\/biografia\/Inaugura%C3%A7%C3%A3o_expo_desenho_natureza_cientifico02.jpg\"\n                 style=\"max-height: 380px;\"\/>\n        <\/a>\n\n        <\/div> \n<div id=\"ngg-image-1\" class=\"ngg-gallery-slideshow-image\" style=\"height:400px\">\n\n        <a href=\"https:\/\/carlamarques.gallery\/wp-content\/gallery\/biografia\/CasteloTorresVedras.jpg\"\n           title=\"\"\n           data-src=\"https:\/\/carlamarques.gallery\/wp-content\/gallery\/biografia\/CasteloTorresVedras.jpg\"\n           data-thumbnail=\"https:\/\/carlamarques.gallery\/wp-content\/gallery\/biografia\/thumbs\/thumbs_CasteloTorresVedras.jpg\"\n           data-image-id=\"101\"\n           data-title=\"CasteloTorresVedras\"\n           data-description=\"\"\n           class=\"ngg-fancybox\" rel=\"ffb07ac45537e7c6e1549895868de175\">\n\n            <img data-image-id='101'\n                 title=\"\"\n                 alt=\"CasteloTorresVedras\"\n                 src=\"https:\/\/carlamarques.gallery\/wp-content\/gallery\/biografia\/CasteloTorresVedras.jpg\"\n                 style=\"max-height: 380px;\"\/>\n        <\/a>\n\n        <\/div> \n<\/div>\n\n\n\t\t<!-- Thumbnails Link -->\n\t<div class=\"slideshowlink\" style=\"max-width: 600px;\">\n        <a href='https:\/\/carlamarques.gallery\/index.php\/nggallery\/thumbnails?page_id=269'>&#091;Show thumbnails&#093;<\/a>\n\t<\/div>\n\n\n","protected":false},"excerpt":{"rendered":"<p>Nasceu em Coimbra em 1976 e desde muito nova que sente a paix\u00e3o pelo desenho e pela Natureza. Apesar dos elogios aos seus talentos art\u00edsticos, durante o ensino secund\u00e1rio acabou por seguir Ci\u00eancias Naturais. Em 1995 entrou em Engenharia do Ambiente e pouco tempo depois em 1997, mudou para Biologia. Durante a licenciatura em Biologia [&hellip;]<\/p>\n","protected":false},"author":1,"featured_media":0,"parent":0,"menu_order":0,"comment_status":"closed","ping_status":"closed","template":"","meta":{"ngg_post_thumbnail":0},"_links":{"self":[{"href":"https:\/\/carlamarques.gallery\/index.php?rest_route=\/wp\/v2\/pages\/269"}],"collection":[{"href":"https:\/\/carlamarques.gallery\/index.php?rest_route=\/wp\/v2\/pages"}],"about":[{"href":"https:\/\/carlamarques.gallery\/index.php?rest_route=\/wp\/v2\/types\/page"}],"author":[{"embeddable":true,"href":"https:\/\/carlamarques.gallery\/index.php?rest_route=\/wp\/v2\/users\/1"}],"replies":[{"embeddable":true,"href":"https:\/\/carlamarques.gallery\/index.php?rest_route=%2Fwp%2Fv2%2Fcomments&post=269"}],"version-history":[{"count":8,"href":"https:\/\/carlamarques.gallery\/index.php?rest_route=\/wp\/v2\/pages\/269\/revisions"}],"predecessor-version":[{"id":272,"href":"https:\/\/carlamarques.gallery\/index.php?rest_route=\/wp\/v2\/pages\/269\/revisions\/272"}],"wp:attachment":[{"href":"https:\/\/carlamarques.gallery\/index.php?rest_route=%2Fwp%2Fv2%2Fmedia&parent=269"}],"curies":[{"name":"wp","href":"https:\/\/api.w.org\/{rel}","templated":true}]}}